{"id":22,"date":"2022-08-16T13:52:27","date_gmt":"2022-08-16T16:52:27","guid":{"rendered":"https:\/\/alca2022.alacs.org.br\/?page_id=22"},"modified":"2022-08-16T16:06:32","modified_gmt":"2022-08-16T19:06:32","slug":"termos-de-uso-e-politicas-de-privacidade","status":"publish","type":"page","link":"https:\/\/alca2022.alacs.org.br\/index.php\/termos-de-uso-e-politicas-de-privacidade\/","title":{"rendered":"Termos de Uso e Pol\u00edtica de Privacidade"},"content":{"rendered":"\t\t<div data-elementor-type=\"wp-page\" data-elementor-id=\"22\" class=\"elementor elementor-22\">\n\t\t\t\t\t\t\t\t\t<section class=\"elementor-section elementor-top-section elementor-element elementor-element-468cce8 elementor-section-boxed elementor-section-height-default elementor-section-height-default\" data-id=\"468cce8\" data-element_type=\"section\">\n\t\t\t\t\t\t<div class=\"elementor-container elementor-column-gap-default\">\n\t\t\t\t\t<div class=\"elementor-column elementor-col-100 elementor-top-column elementor-element elementor-element-6734aa2\" data-id=\"6734aa2\" data-element_type=\"column\">\n\t\t\t<div class=\"elementor-widget-wrap elementor-element-populated\">\n\t\t\t\t\t\t\t\t<div class=\"elementor-element elementor-element-d65c428 elementor-widget elementor-widget-text-editor\" data-id=\"d65c428\" data-element_type=\"widget\" data-widget_type=\"text-editor.default\">\n\t\t\t\t<div class=\"elementor-widget-container\">\n\t\t\t<style>\/*! elementor - v3.7.1 - 14-08-2022 *\/\n.elementor-widget-text-editor.elementor-drop-cap-view-stacked .elementor-drop-cap{background-color:#818a91;color:#fff}.elementor-widget-text-editor.elementor-drop-cap-view-framed .elementor-drop-cap{color:#818a91;border:3px solid;background-color:transparent}.elementor-widget-text-editor:not(.elementor-drop-cap-view-default) .elementor-drop-cap{margin-top:8px}.elementor-widget-text-editor:not(.elementor-drop-cap-view-default) .elementor-drop-cap-letter{width:1em;height:1em}.elementor-widget-text-editor .elementor-drop-cap{float:left;text-align:center;line-height:1;font-size:50px}.elementor-widget-text-editor .elementor-drop-cap-letter{display:inline-block}<\/style>\t\t\t\t<p><strong>Termos de Uso<\/strong><\/p><p>O dom\u00ednio &#8220;alacs.org.br&#8221; (doravante, denominado site) \u00e9 de propriedade da ALACS &#8211; Academia de Letras, Artes e Ci\u00eancias do Centro-Sul do Paran\u00e1, com sede na cidade de Irati, PR. Todo o conte\u00fado \u00e9 p\u00fablico para visualiza\u00e7\u00e3o e os itens, disponibilizados para download, est\u00e3o devidamente sinalizados como tal. Os artigos assinados s\u00e3o de inteira responsabilidade de seus respectivos autores, eximindo o propriet\u00e1rio de quaisquer inconsist\u00eancia, veracidade ou autenticidade. Sempre que necess\u00e1rio, as fontes das informa\u00e7\u00f5es ser\u00e3o devidamente citadas, exceto aquelas de dom\u00ednio p\u00fablico. As imagens usadas no site s\u00e3o de direito exclusivo do propriet\u00e1rio, exceto as de dom\u00ednio p\u00fablico ou quando n\u00e3o estiverem explicitamente nominadas a quem de direito. O propriet\u00e1rio e os autores dos artigos e textos assinados n\u00e3o se responsabilizam por quaisquer efeitos, danosos ou n\u00e3o, causados por mau uso dos respectivos conte\u00fados. Solicita-se a den\u00fancia de qualquer irregularidade que possa significar abuso ou ofensa aos bons costumes consuetudin\u00e1rios.<\/p><p><strong>Pol\u00edtica de Privacidade<\/strong><strong>\u00a0<\/strong>O relacionamento de privacidade entre o site e os usu\u00e1rios, visitantes e clientes \u00e9 muito importante. O comprometimento em proteg\u00ea-lo segue a Pol\u00edtica de Privacidade expressa nos termos a seguir. \u00a0<\/p><p>1 \u2013 O usu\u00e1rio poder\u00e1 cadastrar-se como f\u00e3 ass\u00edduo ou cliente do site, mediante o fornecimento de dados pessoais como nome, e-mail, cpf e telefone, ficando respons\u00e1vel pela veracidade das informa\u00e7\u00f5es.\u00a0<\/p><p>2 &#8211; O uso dos dados pessoais tem a finalidade prec\u00edpua de cadastro no site para futuros contatos. As informa\u00e7\u00f5es pessoais ser\u00e3o usadas para os fins especificados nesta pol\u00edtica ou nas respectivas p\u00e1ginas do site.\u00a0<\/p><p>3 &#8211; O endere\u00e7o de e-mail e outros dados pessoais, quando requeridos e fornecidos, ser\u00e3o de uso exclusivo deste site e para os fins a que se destinam. N\u00e3o ser\u00e3o de forma alguma disponibilizados a terceiros. A pedido, ser\u00e3o removidos da lista de correspond\u00eancia.<\/p><p>4 &#8211; Os arquivos &#8216;log&#8217; cont\u00e9m informa\u00e7\u00f5es sobre IP, tipo de navegador, servidor de internet, data e hor\u00e1rio, navega\u00e7\u00e3o e outros dados obtidos durante uma sess\u00e3o. Endere\u00e7o de IP e outras informa\u00e7\u00f5es n\u00e3o est\u00e3o conciliadas com informa\u00e7\u00f5es que possam identificar dados pessoais do usu\u00e1rio.<\/p><p>5 \u2013 Eventualmente, o site poder\u00e1 ter parcerias, como o Google, p.e., e aliado a isso, poder\u00e1 haver uso de &#8216;cookies&#8217; para adi\u00e7\u00e3o de mensagens e publicidade. Nesse caso, o site n\u00e3o ter\u00e1 acesso ou controle sobre tais &#8216;cookies&#8217;.<\/p><p>6 &#8211; Se for necess\u00e1rio o uso de senha para acesso ao site, o usu\u00e1rio \u00e9 respons\u00e1vel pelo seu n\u00e3o fornecimento \u00e0 terceiros. O site n\u00e3o solicita senha, a n\u00e3o ser para o acesso.<\/p><p>7 &#8211; Em casos excepcionais, o site disponibilizar\u00e1 informa\u00e7\u00f5es de usu\u00e1rio quando a lei assim o exigir. \u00a0<\/p><p>8 &#8211; No caso de venda ou disposi\u00e7\u00e3o de direito sobre o site, as informa\u00e7\u00f5es existentes fazem parte do patrim\u00f4nio negociado. \u00a0<\/p><p>9 &#8211; Sempre que houver mudan\u00e7a na Pol\u00edtica de Privacidade, esta ser\u00e1 publicada neste espa\u00e7o. Recomenda-se, portanto, a leitura peri\u00f3dica dos seus termos. \u00a0<\/p><p>10 &#8211; O site faz uso de &#8216;links&#8217; para outros dom\u00ednios, n\u00e3o se responsabilizando sobre o conte\u00fado e neg\u00f3cios dos mesmos. Recomenda-se, na d\u00favida, a leitura da Pol\u00edtica de Privacidade daqueles dom\u00ednios sempre que usar o atalho contido no site.<\/p>\t\t\t\t\t\t<\/div>\n\t\t\t\t<\/div>\n\t\t\t\t\t<\/div>\n\t\t<\/div>\n\t\t\t\t\t\t\t<\/div>\n\t\t<\/section>\n\t\t\t\t\t\t\t<\/div>\n\t\t","protected":false},"excerpt":{"rendered":"<p>Termos de Uso O dom\u00ednio &#8220;alacs.org.br&#8221; (doravante, denominado site) \u00e9 de propriedade da ALACS &#8211; Academia de Letras, Artes e Ci\u00eancias do Centro-Sul do Paran\u00e1, com sede na cidade de Irati, PR. Todo o conte\u00fado \u00e9 p\u00fablico para visualiza\u00e7\u00e3o e os itens, disponibilizados para download, est\u00e3o devidamente sinalizados como tal. Os artigos assinados s\u00e3o de [&hellip;]<\/p>\n","protected":false},"author":1,"featured_media":0,"parent":0,"menu_order":0,"comment_status":"closed","ping_status":"closed","template":"","meta":{"om_disable_all_campaigns":false,"_monsterinsights_skip_tracking":false,"_monsterinsights_sitenote_active":false,"_monsterinsights_sitenote_note":"","_monsterinsights_sitenote_category":0},"aioseo_notices":[],"_links":{"self":[{"href":"https:\/\/alca2022.alacs.org.br\/index.php\/wp-json\/wp\/v2\/pages\/22"}],"collection":[{"href":"https:\/\/alca2022.alacs.org.br\/index.php\/wp-json\/wp\/v2\/pages"}],"about":[{"href":"https:\/\/alca2022.alacs.org.br\/index.php\/wp-json\/wp\/v2\/types\/page"}],"author":[{"embeddable":true,"href":"https:\/\/alca2022.alacs.org.br\/index.php\/wp-json\/wp\/v2\/users\/1"}],"replies":[{"embeddable":true,"href":"https:\/\/alca2022.alacs.org.br\/index.php\/wp-json\/wp\/v2\/comments?post=22"}],"version-history":[{"count":11,"href":"https:\/\/alca2022.alacs.org.br\/index.php\/wp-json\/wp\/v2\/pages\/22\/revisions"}],"predecessor-version":[{"id":34,"href":"https:\/\/alca2022.alacs.org.br\/index.php\/wp-json\/wp\/v2\/pages\/22\/revisions\/34"}],"wp:attachment":[{"href":"https:\/\/alca2022.alacs.org.br\/index.php\/wp-json\/wp\/v2\/media?parent=22"}],"curies":[{"name":"wp","href":"https:\/\/api.w.org\/{rel}","templated":true}]}}